{"id":1156,"date":"2026-02-06T11:44:19","date_gmt":"2026-02-06T10:44:19","guid":{"rendered":"https:\/\/alvarofrias.com\/restauraciones\/padre-nostro-gesu-di-nazareth-2\/"},"modified":"2026-02-06T11:44:19","modified_gmt":"2026-02-06T10:44:19","slug":"padre-nostro-gesu-di-nazareth-2","status":"publish","type":"restauraciones","link":"https:\/\/alvarofrias.com\/it\/restauraciones\/padre-nostro-gesu-di-nazareth-2\/","title":{"rendered":"Padre nostro Ges\u00f9 di Nazareth"},"content":{"rendered":"<p>L&#8217;intervento \u00e8 consistito nella pulitura della policromia, nella rimozione delle vernici ossidate e nella ridipintura, rivelando un incarnato molto interessante con sfumature nascoste sotto lo sporco e aggiungendo una certa ricchezza cromatica all&#8217;immagine.<\/p>\n<p>Il piede sinistro \u00e8 stato ridipinto in base alle tonalit\u00e0 dell&#8217;incarnato originale, sebbene leggermente pi\u00f9 chiaro come tratto distintivo. Questa ridipintura \u00e8 giustificata considerando che si tratta di un piede di nuova realizzazione, creato nel 2019. Gli incarnati utilizzati all&#8217;epoca erano marroni e beige, simili alla policromia della figura di Cristo, con sporco e vernici ossidate, e non erano stati puliti.<\/p>\n<p>Le braccia, che avevano perso la loro funzionalit\u00e0 e necessitavano di supporti esterni per mantenerle fisse ed evitarne la caduta, sono state sostituite. Le nuove braccia articolate sono realizzate in legno di sapele, con meccanismo a sfere e molle.<\/p>\n<p>Inoltre, \u00e8 stato sostituito il sistema di ancoraggio a croce, anch&#8217;esso privo di funzionalit\u00e0.<\/p>\n","protected":false},"excerpt":{"rendered":"<p>L&#8217;intervento \u00e8 consistito nella pulitura della policromia, nella rimozione delle vernici ossidate e nella ridipintura, rivelando un incarnato molto interessante con sfumature nascoste sotto lo sporco e aggiungendo una certa ricchezza cromatica all&#8217;immagine. Il piede sinistro \u00e8 stato ridipinto in base alle tonalit\u00e0 dell&#8217;incarnato originale, sebbene leggermente pi\u00f9 chiaro come tratto distintivo. Questa ridipintura \u00e8 [&hellip;]<\/p>\n","protected":false},"featured_media":1152,"template":"","class_list":["post-1156","restauraciones","type-restauraciones","status-publish","has-post-thumbnail","hentry"],"yoast_head":"<!-- This site is optimized with the Yoast SEO Premium plugin v25.7 (Yoast SEO v27.0) - https:\/\/yoast.com\/product\/yoast-seo-premium-wordpress\/ -->\n<title>Padre nostro Ges\u00f9 di Nazareth | \u00c1lvaro Fr\u00edas<\/title>\n<meta name=\"robots\" content=\"index, follow, max-snippet:-1, max-image-preview:large, max-video-preview:-1\" \/>\n<link rel=\"canonical\" href=\"https:\/\/alvarofrias.com\/restauraciones\/padre-nostro-gesu-di-nazareth-2\/\" \/>\n<meta property=\"og:locale\" content=\"it_IT\" \/>\n<meta property=\"og:type\" content=\"article\" \/>\n<meta property=\"og:title\" content=\"Padre nostro Ges\u00f9 di Nazareth\" \/>\n<meta property=\"og:description\" content=\"L&#8217;intervento \u00e8 consistito nella pulitura della policromia, nella rimozione delle vernici ossidate e nella ridipintura, rivelando un incarnato molto interessante con sfumature nascoste sotto lo sporco e aggiungendo una certa ricchezza cromatica all&#8217;immagine. Il piede sinistro \u00e8 stato ridipinto in base alle tonalit\u00e0 dell&#8217;incarnato originale, sebbene leggermente pi\u00f9 chiaro come tratto distintivo. Questa ridipintura \u00e8 [&hellip;]\" \/>\n<meta property=\"og:url\" content=\"https:\/\/alvarofrias.com\/restauraciones\/padre-nostro-gesu-di-nazareth-2\/\" \/>\n<meta property=\"og:site_name\" content=\"\u00c1lvaro Fr\u00edas\" \/>\n<meta property=\"article:publisher\" content=\"https:\/\/www.facebook.com\/p\/--Imaginero-y-Restaurador-61553494449802\/\" \/>\n<meta property=\"og:image\" content=\"https:\/\/alvarofrias.com\/wp-content\/uploads\/2025\/07\/Logo-vertical-scaled.jpg\" \/>\n\t<meta property=\"og:image:width\" content=\"2560\" \/>\n\t<meta property=\"og:image:height\" content=\"1440\" \/>\n\t<meta property=\"og:image:type\" content=\"image\/jpeg\" \/>\n<meta name=\"twitter:card\" content=\"summary_large_image\" \/>\n<meta name=\"twitter:label1\" content=\"Tempo di lettura stimato\" \/>\n\t<meta name=\"twitter:data1\" content=\"1 minuto\" \/>\n<script type=\"application\/ld+json\" class=\"yoast-schema-graph\">{\"@context\":\"https:\/\/schema.org\",\"@graph\":[{\"@type\":\"WebPage\",\"@id\":\"https:\/\/alvarofrias.com\/restauraciones\/padre-nostro-gesu-di-nazareth-2\/\",\"url\":\"https:\/\/alvarofrias.com\/restauraciones\/padre-nostro-gesu-di-nazareth-2\/\",\"name\":\"Padre nostro Ges\u00f9 di Nazareth | \u00c1lvaro Fr\u00edas\",\"isPartOf\":{\"@id\":\"https:\/\/alvarofrias.com\/#website\"},\"primaryImageOfPage\":{\"@id\":\"https:\/\/alvarofrias.com\/restauraciones\/padre-nostro-gesu-di-nazareth-2\/#primaryimage\"},\"image\":{\"@id\":\"https:\/\/alvarofrias.com\/restauraciones\/padre-nostro-gesu-di-nazareth-2\/#primaryimage\"},\"thumbnailUrl\":\"https:\/\/alvarofrias.com\/wp-content\/uploads\/2026\/02\/Nazareno-despues-scaled.png\",\"datePublished\":\"2026-02-06T10:44:19+00:00\",\"breadcrumb\":{\"@id\":\"https:\/\/alvarofrias.com\/restauraciones\/padre-nostro-gesu-di-nazareth-2\/#breadcrumb\"},\"inLanguage\":\"it-IT\",\"potentialAction\":[{\"@type\":\"ReadAction\",\"target\":[\"https:\/\/alvarofrias.com\/restauraciones\/padre-nostro-gesu-di-nazareth-2\/\"]}]},{\"@type\":\"ImageObject\",\"inLanguage\":\"it-IT\",\"@id\":\"https:\/\/alvarofrias.com\/restauraciones\/padre-nostro-gesu-di-nazareth-2\/#primaryimage\",\"url\":\"https:\/\/alvarofrias.com\/wp-content\/uploads\/2026\/02\/Nazareno-despues-scaled.png\",\"contentUrl\":\"https:\/\/alvarofrias.com\/wp-content\/uploads\/2026\/02\/Nazareno-despues-scaled.png\",\"width\":1707,\"height\":2560},{\"@type\":\"BreadcrumbList\",\"@id\":\"https:\/\/alvarofrias.com\/restauraciones\/padre-nostro-gesu-di-nazareth-2\/#breadcrumb\",\"itemListElement\":[{\"@type\":\"ListItem\",\"position\":1,\"name\":\"Portada\",\"item\":\"https:\/\/alvarofrias.com\/\"},{\"@type\":\"ListItem\",\"position\":2,\"name\":\"Restauraciones\",\"item\":\"https:\/\/alvarofrias.com\/restauraciones\/\"},{\"@type\":\"ListItem\",\"position\":3,\"name\":\"Padre nostro Ges\u00f9 di Nazareth\"}]},{\"@type\":\"WebSite\",\"@id\":\"https:\/\/alvarofrias.com\/#website\",\"url\":\"https:\/\/alvarofrias.com\/\",\"name\":\"\u00c1lvaro Fr\u00edas\",\"description\":\"Imaginero y Restaurador\",\"publisher\":{\"@id\":\"https:\/\/alvarofrias.com\/#\/schema\/person\/3840bca3322ad7c84fa331dc30692152\"},\"alternateName\":\"\u00c1lvaro Fr\u00edas\",\"potentialAction\":[{\"@type\":\"SearchAction\",\"target\":{\"@type\":\"EntryPoint\",\"urlTemplate\":\"https:\/\/alvarofrias.com\/?s={search_term_string}\"},\"query-input\":{\"@type\":\"PropertyValueSpecification\",\"valueRequired\":true,\"valueName\":\"search_term_string\"}}],\"inLanguage\":\"it-IT\"},{\"@type\":[\"Person\",\"Organization\"],\"@id\":\"https:\/\/alvarofrias.com\/#\/schema\/person\/3840bca3322ad7c84fa331dc30692152\",\"name\":\"\u00c1lvaro Fr\u00edas\",\"image\":{\"@type\":\"ImageObject\",\"inLanguage\":\"it-IT\",\"@id\":\"https:\/\/alvarofrias.com\/#\/schema\/person\/image\/\",\"url\":\"https:\/\/alvarofrias.com\/wp-content\/uploads\/2025\/05\/cropped-Picsart_25-05-27_01-33-14-792-scaled-1.png\",\"contentUrl\":\"https:\/\/alvarofrias.com\/wp-content\/uploads\/2025\/05\/cropped-Picsart_25-05-27_01-33-14-792-scaled-1.png\",\"width\":512,\"height\":512,\"caption\":\"\u00c1lvaro Fr\u00edas\"},\"logo\":{\"@id\":\"https:\/\/alvarofrias.com\/#\/schema\/person\/image\/\"},\"description\":\"\u00c1lvaro Fr\u00edas, imaginero y restaurador, con taller en Alcal\u00e1 de Guada\u00edra. Formado en el taller del imaginero Antonio Jos\u00e9 Mart\u00ednez Rodr\u00edguez. Curs\u00f3 el Grado de Conservaci\u00f3n y Restauraci\u00f3n de Bienes Culturales en la Escuela Superior de Madrid, donde se especializ\u00f3 en Escultura. Su obra muestra un claro estilo naturalista, asimilado en el taller de su maestro, pero con grandes reminiscencias barrocas, influenciadas por la escuela sevillana. Adem\u00e1s, sus sentimientos religiosos hacen que sus obras transmitan piedad y devoci\u00f3n, siendo esculturas plenamente catequ\u00e9ticas con una clara funci\u00f3n evangelizadora y devocional.\",\"sameAs\":[\"http:\/\/www.alvarofrias.com\",\"https:\/\/www.facebook.com\/p\/--Imaginero-y-Restaurador-61553494449802\/\",\"https:\/\/www.instagram.com\/imaginero_alvarofrias\/\",\"https:\/\/es.linkedin.com\/in\/alvaro-frias-nisa\"],\"knowsLanguage\":[\"espa\u00f1ol\",\"ingl\u00e9s\"],\"jobTitle\":\"Imaginero y Restaurador\",\"worksFor\":\"\u00c1lvaro Fr\u00edas\"}]}<\/script>\n<!-- \/ Yoast SEO Premium plugin. -->","yoast_head_json":{"title":"Padre nostro Ges\u00f9 di Nazareth | \u00c1lvaro Fr\u00edas","robots":{"index":"index","follow":"follow","max-snippet":"max-snippet:-1","max-image-preview":"max-image-preview:large","max-video-preview":"max-video-preview:-1"},"canonical":"https:\/\/alvarofrias.com\/restauraciones\/padre-nostro-gesu-di-nazareth-2\/","og_locale":"it_IT","og_type":"article","og_title":"Padre nostro Ges\u00f9 di Nazareth","og_description":"L&#8217;intervento \u00e8 consistito nella pulitura della policromia, nella rimozione delle vernici ossidate e nella ridipintura, rivelando un incarnato molto interessante con sfumature nascoste sotto lo sporco e aggiungendo una certa ricchezza cromatica all&#8217;immagine. Il piede sinistro \u00e8 stato ridipinto in base alle tonalit\u00e0 dell&#8217;incarnato originale, sebbene leggermente pi\u00f9 chiaro come tratto distintivo. Questa ridipintura \u00e8 [&hellip;]","og_url":"https:\/\/alvarofrias.com\/restauraciones\/padre-nostro-gesu-di-nazareth-2\/","og_site_name":"\u00c1lvaro Fr\u00edas","article_publisher":"https:\/\/www.facebook.com\/p\/--Imaginero-y-Restaurador-61553494449802\/","og_image":[{"width":2560,"height":1440,"url":"https:\/\/alvarofrias.com\/wp-content\/uploads\/2025\/07\/Logo-vertical-scaled.jpg","type":"image\/jpeg"}],"twitter_card":"summary_large_image","twitter_misc":{"Tempo di lettura stimato":"1 minuto"},"schema":{"@context":"https:\/\/schema.org","@graph":[{"@type":"WebPage","@id":"https:\/\/alvarofrias.com\/restauraciones\/padre-nostro-gesu-di-nazareth-2\/","url":"https:\/\/alvarofrias.com\/restauraciones\/padre-nostro-gesu-di-nazareth-2\/","name":"Padre nostro Ges\u00f9 di Nazareth | \u00c1lvaro Fr\u00edas","isPartOf":{"@id":"https:\/\/alvarofrias.com\/#website"},"primaryImageOfPage":{"@id":"https:\/\/alvarofrias.com\/restauraciones\/padre-nostro-gesu-di-nazareth-2\/#primaryimage"},"image":{"@id":"https:\/\/alvarofrias.com\/restauraciones\/padre-nostro-gesu-di-nazareth-2\/#primaryimage"},"thumbnailUrl":"https:\/\/alvarofrias.com\/wp-content\/uploads\/2026\/02\/Nazareno-despues-scaled.png","datePublished":"2026-02-06T10:44:19+00:00","breadcrumb":{"@id":"https:\/\/alvarofrias.com\/restauraciones\/padre-nostro-gesu-di-nazareth-2\/#breadcrumb"},"inLanguage":"it-IT","potentialAction":[{"@type":"ReadAction","target":["https:\/\/alvarofrias.com\/restauraciones\/padre-nostro-gesu-di-nazareth-2\/"]}]},{"@type":"ImageObject","inLanguage":"it-IT","@id":"https:\/\/alvarofrias.com\/restauraciones\/padre-nostro-gesu-di-nazareth-2\/#primaryimage","url":"https:\/\/alvarofrias.com\/wp-content\/uploads\/2026\/02\/Nazareno-despues-scaled.png","contentUrl":"https:\/\/alvarofrias.com\/wp-content\/uploads\/2026\/02\/Nazareno-despues-scaled.png","width":1707,"height":2560},{"@type":"BreadcrumbList","@id":"https:\/\/alvarofrias.com\/restauraciones\/padre-nostro-gesu-di-nazareth-2\/#breadcrumb","itemListElement":[{"@type":"ListItem","position":1,"name":"Portada","item":"https:\/\/alvarofrias.com\/"},{"@type":"ListItem","position":2,"name":"Restauraciones","item":"https:\/\/alvarofrias.com\/restauraciones\/"},{"@type":"ListItem","position":3,"name":"Padre nostro Ges\u00f9 di Nazareth"}]},{"@type":"WebSite","@id":"https:\/\/alvarofrias.com\/#website","url":"https:\/\/alvarofrias.com\/","name":"\u00c1lvaro Fr\u00edas","description":"Imaginero y Restaurador","publisher":{"@id":"https:\/\/alvarofrias.com\/#\/schema\/person\/3840bca3322ad7c84fa331dc30692152"},"alternateName":"\u00c1lvaro Fr\u00edas","potentialAction":[{"@type":"SearchAction","target":{"@type":"EntryPoint","urlTemplate":"https:\/\/alvarofrias.com\/?s={search_term_string}"},"query-input":{"@type":"PropertyValueSpecification","valueRequired":true,"valueName":"search_term_string"}}],"inLanguage":"it-IT"},{"@type":["Person","Organization"],"@id":"https:\/\/alvarofrias.com\/#\/schema\/person\/3840bca3322ad7c84fa331dc30692152","name":"\u00c1lvaro Fr\u00edas","image":{"@type":"ImageObject","inLanguage":"it-IT","@id":"https:\/\/alvarofrias.com\/#\/schema\/person\/image\/","url":"https:\/\/alvarofrias.com\/wp-content\/uploads\/2025\/05\/cropped-Picsart_25-05-27_01-33-14-792-scaled-1.png","contentUrl":"https:\/\/alvarofrias.com\/wp-content\/uploads\/2025\/05\/cropped-Picsart_25-05-27_01-33-14-792-scaled-1.png","width":512,"height":512,"caption":"\u00c1lvaro Fr\u00edas"},"logo":{"@id":"https:\/\/alvarofrias.com\/#\/schema\/person\/image\/"},"description":"\u00c1lvaro Fr\u00edas, imaginero y restaurador, con taller en Alcal\u00e1 de Guada\u00edra. Formado en el taller del imaginero Antonio Jos\u00e9 Mart\u00ednez Rodr\u00edguez. Curs\u00f3 el Grado de Conservaci\u00f3n y Restauraci\u00f3n de Bienes Culturales en la Escuela Superior de Madrid, donde se especializ\u00f3 en Escultura. Su obra muestra un claro estilo naturalista, asimilado en el taller de su maestro, pero con grandes reminiscencias barrocas, influenciadas por la escuela sevillana. Adem\u00e1s, sus sentimientos religiosos hacen que sus obras transmitan piedad y devoci\u00f3n, siendo esculturas plenamente catequ\u00e9ticas con una clara funci\u00f3n evangelizadora y devocional.","sameAs":["http:\/\/www.alvarofrias.com","https:\/\/www.facebook.com\/p\/--Imaginero-y-Restaurador-61553494449802\/","https:\/\/www.instagram.com\/imaginero_alvarofrias\/","https:\/\/es.linkedin.com\/in\/alvaro-frias-nisa"],"knowsLanguage":["espa\u00f1ol","ingl\u00e9s"],"jobTitle":"Imaginero y Restaurador","worksFor":"\u00c1lvaro Fr\u00edas"}]}},"_links":{"self":[{"href":"https:\/\/alvarofrias.com\/it\/wp-json\/wp\/v2\/restauraciones\/1156","targetHints":{"allow":["GET"]}}],"collection":[{"href":"https:\/\/alvarofrias.com\/it\/wp-json\/wp\/v2\/restauraciones"}],"about":[{"href":"https:\/\/alvarofrias.com\/it\/wp-json\/wp\/v2\/types\/restauraciones"}],"wp:featuredmedia":[{"embeddable":true,"href":"https:\/\/alvarofrias.com\/it\/wp-json\/wp\/v2\/media\/1152"}],"wp:attachment":[{"href":"https:\/\/alvarofrias.com\/it\/wp-json\/wp\/v2\/media?parent=1156"}],"curies":[{"name":"wp","href":"https:\/\/api.w.org\/{rel}","templated":true}]}}