{"id":1153,"date":"2026-02-06T11:34:50","date_gmt":"2026-02-06T10:34:50","guid":{"rendered":"https:\/\/alvarofrias.com\/obras\/modestia\/"},"modified":"2026-02-06T11:34:50","modified_gmt":"2026-02-06T10:34:50","slug":"modestia","status":"publish","type":"obras","link":"https:\/\/alvarofrias.com\/it\/obras\/modestia\/","title":{"rendered":"MODESTIA"},"content":{"rendered":"<p>Un busto a grandezza naturale in terracotta non dipinta, interpretazione della figura di Cristo appartenente alla confraternita di Granada del Signore dell&#8217;Umilt\u00e0, della Madonna della Solitudine e del Dolce Nome di Ges\u00f9.<\/p>\n<p>Quest&#8217;opera faceva parte della mostra con cui la confraternita celebrava il suo centenario.<\/p>\n","protected":false},"excerpt":{"rendered":"<p>Un busto a grandezza naturale in terracotta non dipinta, interpretazione della figura di Cristo appartenente alla confraternita di Granada del Signore dell&#8217;Umilt\u00e0, della Madonna della Solitudine e del Dolce Nome di Ges\u00f9. Quest&#8217;opera faceva parte della mostra con cui la confraternita celebrava il suo centenario.<\/p>\n","protected":false},"featured_media":1145,"template":"","class_list":["post-1153","obras","type-obras","status-publish","has-post-thumbnail","hentry"],"yoast_head":"<!-- This site is optimized with the Yoast SEO Premium plugin v25.7 (Yoast SEO v27.0) - https:\/\/yoast.com\/product\/yoast-seo-premium-wordpress\/ -->\n<title>MODESTIA | \u00c1lvaro Fr\u00edas<\/title>\n<meta name=\"robots\" content=\"index, follow, max-snippet:-1, max-image-preview:large, max-video-preview:-1\" \/>\n<link rel=\"canonical\" href=\"https:\/\/alvarofrias.com\/obras\/modestia\/\" \/>\n<meta property=\"og:locale\" content=\"it_IT\" \/>\n<meta property=\"og:type\" content=\"article\" \/>\n<meta property=\"og:title\" content=\"MODESTIA\" \/>\n<meta property=\"og:description\" content=\"Un busto a grandezza naturale in terracotta non dipinta, interpretazione della figura di Cristo appartenente alla confraternita di Granada del Signore dell&#8217;Umilt\u00e0, della Madonna della Solitudine e del Dolce Nome di Ges\u00f9. Quest&#8217;opera faceva parte della mostra con cui la confraternita celebrava il suo centenario.\" \/>\n<meta property=\"og:url\" content=\"https:\/\/alvarofrias.com\/obras\/modestia\/\" \/>\n<meta property=\"og:site_name\" content=\"\u00c1lvaro Fr\u00edas\" \/>\n<meta property=\"article:publisher\" content=\"https:\/\/www.facebook.com\/p\/--Imaginero-y-Restaurador-61553494449802\/\" \/>\n<meta property=\"og:image\" content=\"https:\/\/alvarofrias.com\/wp-content\/uploads\/2025\/07\/Logo-vertical-scaled.jpg\" \/>\n\t<meta property=\"og:image:width\" content=\"2560\" \/>\n\t<meta property=\"og:image:height\" content=\"1440\" \/>\n\t<meta property=\"og:image:type\" content=\"image\/jpeg\" \/>\n<meta name=\"twitter:card\" content=\"summary_large_image\" \/>\n<script type=\"application\/ld+json\" class=\"yoast-schema-graph\">{\"@context\":\"https:\/\/schema.org\",\"@graph\":[{\"@type\":\"WebPage\",\"@id\":\"https:\/\/alvarofrias.com\/obras\/modestia\/\",\"url\":\"https:\/\/alvarofrias.com\/obras\/modestia\/\",\"name\":\"MODESTIA | \u00c1lvaro Fr\u00edas\",\"isPartOf\":{\"@id\":\"https:\/\/alvarofrias.com\/#website\"},\"primaryImageOfPage\":{\"@id\":\"https:\/\/alvarofrias.com\/obras\/modestia\/#primaryimage\"},\"image\":{\"@id\":\"https:\/\/alvarofrias.com\/obras\/modestia\/#primaryimage\"},\"thumbnailUrl\":\"https:\/\/alvarofrias.com\/wp-content\/uploads\/2026\/02\/Humildad-2-scaled.png\",\"datePublished\":\"2026-02-06T10:34:50+00:00\",\"breadcrumb\":{\"@id\":\"https:\/\/alvarofrias.com\/obras\/modestia\/#breadcrumb\"},\"inLanguage\":\"it-IT\",\"potentialAction\":[{\"@type\":\"ReadAction\",\"target\":[\"https:\/\/alvarofrias.com\/obras\/modestia\/\"]}]},{\"@type\":\"ImageObject\",\"inLanguage\":\"it-IT\",\"@id\":\"https:\/\/alvarofrias.com\/obras\/modestia\/#primaryimage\",\"url\":\"https:\/\/alvarofrias.com\/wp-content\/uploads\/2026\/02\/Humildad-2-scaled.png\",\"contentUrl\":\"https:\/\/alvarofrias.com\/wp-content\/uploads\/2026\/02\/Humildad-2-scaled.png\",\"width\":1829,\"height\":2560},{\"@type\":\"BreadcrumbList\",\"@id\":\"https:\/\/alvarofrias.com\/obras\/modestia\/#breadcrumb\",\"itemListElement\":[{\"@type\":\"ListItem\",\"position\":1,\"name\":\"Portada\",\"item\":\"https:\/\/alvarofrias.com\/\"},{\"@type\":\"ListItem\",\"position\":2,\"name\":\"Obras\",\"item\":\"https:\/\/alvarofrias.com\/obras\/\"},{\"@type\":\"ListItem\",\"position\":3,\"name\":\"MODESTIA\"}]},{\"@type\":\"WebSite\",\"@id\":\"https:\/\/alvarofrias.com\/#website\",\"url\":\"https:\/\/alvarofrias.com\/\",\"name\":\"\u00c1lvaro Fr\u00edas\",\"description\":\"Imaginero y Restaurador\",\"publisher\":{\"@id\":\"https:\/\/alvarofrias.com\/#\/schema\/person\/3840bca3322ad7c84fa331dc30692152\"},\"alternateName\":\"\u00c1lvaro Fr\u00edas\",\"potentialAction\":[{\"@type\":\"SearchAction\",\"target\":{\"@type\":\"EntryPoint\",\"urlTemplate\":\"https:\/\/alvarofrias.com\/?s={search_term_string}\"},\"query-input\":{\"@type\":\"PropertyValueSpecification\",\"valueRequired\":true,\"valueName\":\"search_term_string\"}}],\"inLanguage\":\"it-IT\"},{\"@type\":[\"Person\",\"Organization\"],\"@id\":\"https:\/\/alvarofrias.com\/#\/schema\/person\/3840bca3322ad7c84fa331dc30692152\",\"name\":\"\u00c1lvaro Fr\u00edas\",\"image\":{\"@type\":\"ImageObject\",\"inLanguage\":\"it-IT\",\"@id\":\"https:\/\/alvarofrias.com\/#\/schema\/person\/image\/\",\"url\":\"https:\/\/alvarofrias.com\/wp-content\/uploads\/2025\/05\/cropped-Picsart_25-05-27_01-33-14-792-scaled-1.png\",\"contentUrl\":\"https:\/\/alvarofrias.com\/wp-content\/uploads\/2025\/05\/cropped-Picsart_25-05-27_01-33-14-792-scaled-1.png\",\"width\":512,\"height\":512,\"caption\":\"\u00c1lvaro Fr\u00edas\"},\"logo\":{\"@id\":\"https:\/\/alvarofrias.com\/#\/schema\/person\/image\/\"},\"description\":\"\u00c1lvaro Fr\u00edas, imaginero y restaurador, con taller en Alcal\u00e1 de Guada\u00edra. Formado en el taller del imaginero Antonio Jos\u00e9 Mart\u00ednez Rodr\u00edguez. Curs\u00f3 el Grado de Conservaci\u00f3n y Restauraci\u00f3n de Bienes Culturales en la Escuela Superior de Madrid, donde se especializ\u00f3 en Escultura. Su obra muestra un claro estilo naturalista, asimilado en el taller de su maestro, pero con grandes reminiscencias barrocas, influenciadas por la escuela sevillana. Adem\u00e1s, sus sentimientos religiosos hacen que sus obras transmitan piedad y devoci\u00f3n, siendo esculturas plenamente catequ\u00e9ticas con una clara funci\u00f3n evangelizadora y devocional.\",\"sameAs\":[\"http:\/\/www.alvarofrias.com\",\"https:\/\/www.facebook.com\/p\/--Imaginero-y-Restaurador-61553494449802\/\",\"https:\/\/www.instagram.com\/imaginero_alvarofrias\/\",\"https:\/\/es.linkedin.com\/in\/alvaro-frias-nisa\"],\"knowsLanguage\":[\"espa\u00f1ol\",\"ingl\u00e9s\"],\"jobTitle\":\"Imaginero y Restaurador\",\"worksFor\":\"\u00c1lvaro Fr\u00edas\"}]}<\/script>\n<!-- \/ Yoast SEO Premium plugin. -->","yoast_head_json":{"title":"MODESTIA | \u00c1lvaro Fr\u00edas","robots":{"index":"index","follow":"follow","max-snippet":"max-snippet:-1","max-image-preview":"max-image-preview:large","max-video-preview":"max-video-preview:-1"},"canonical":"https:\/\/alvarofrias.com\/obras\/modestia\/","og_locale":"it_IT","og_type":"article","og_title":"MODESTIA","og_description":"Un busto a grandezza naturale in terracotta non dipinta, interpretazione della figura di Cristo appartenente alla confraternita di Granada del Signore dell&#8217;Umilt\u00e0, della Madonna della Solitudine e del Dolce Nome di Ges\u00f9. Quest&#8217;opera faceva parte della mostra con cui la confraternita celebrava il suo centenario.","og_url":"https:\/\/alvarofrias.com\/obras\/modestia\/","og_site_name":"\u00c1lvaro Fr\u00edas","article_publisher":"https:\/\/www.facebook.com\/p\/--Imaginero-y-Restaurador-61553494449802\/","og_image":[{"width":2560,"height":1440,"url":"https:\/\/alvarofrias.com\/wp-content\/uploads\/2025\/07\/Logo-vertical-scaled.jpg","type":"image\/jpeg"}],"twitter_card":"summary_large_image","schema":{"@context":"https:\/\/schema.org","@graph":[{"@type":"WebPage","@id":"https:\/\/alvarofrias.com\/obras\/modestia\/","url":"https:\/\/alvarofrias.com\/obras\/modestia\/","name":"MODESTIA | \u00c1lvaro Fr\u00edas","isPartOf":{"@id":"https:\/\/alvarofrias.com\/#website"},"primaryImageOfPage":{"@id":"https:\/\/alvarofrias.com\/obras\/modestia\/#primaryimage"},"image":{"@id":"https:\/\/alvarofrias.com\/obras\/modestia\/#primaryimage"},"thumbnailUrl":"https:\/\/alvarofrias.com\/wp-content\/uploads\/2026\/02\/Humildad-2-scaled.png","datePublished":"2026-02-06T10:34:50+00:00","breadcrumb":{"@id":"https:\/\/alvarofrias.com\/obras\/modestia\/#breadcrumb"},"inLanguage":"it-IT","potentialAction":[{"@type":"ReadAction","target":["https:\/\/alvarofrias.com\/obras\/modestia\/"]}]},{"@type":"ImageObject","inLanguage":"it-IT","@id":"https:\/\/alvarofrias.com\/obras\/modestia\/#primaryimage","url":"https:\/\/alvarofrias.com\/wp-content\/uploads\/2026\/02\/Humildad-2-scaled.png","contentUrl":"https:\/\/alvarofrias.com\/wp-content\/uploads\/2026\/02\/Humildad-2-scaled.png","width":1829,"height":2560},{"@type":"BreadcrumbList","@id":"https:\/\/alvarofrias.com\/obras\/modestia\/#breadcrumb","itemListElement":[{"@type":"ListItem","position":1,"name":"Portada","item":"https:\/\/alvarofrias.com\/"},{"@type":"ListItem","position":2,"name":"Obras","item":"https:\/\/alvarofrias.com\/obras\/"},{"@type":"ListItem","position":3,"name":"MODESTIA"}]},{"@type":"WebSite","@id":"https:\/\/alvarofrias.com\/#website","url":"https:\/\/alvarofrias.com\/","name":"\u00c1lvaro Fr\u00edas","description":"Imaginero y Restaurador","publisher":{"@id":"https:\/\/alvarofrias.com\/#\/schema\/person\/3840bca3322ad7c84fa331dc30692152"},"alternateName":"\u00c1lvaro Fr\u00edas","potentialAction":[{"@type":"SearchAction","target":{"@type":"EntryPoint","urlTemplate":"https:\/\/alvarofrias.com\/?s={search_term_string}"},"query-input":{"@type":"PropertyValueSpecification","valueRequired":true,"valueName":"search_term_string"}}],"inLanguage":"it-IT"},{"@type":["Person","Organization"],"@id":"https:\/\/alvarofrias.com\/#\/schema\/person\/3840bca3322ad7c84fa331dc30692152","name":"\u00c1lvaro Fr\u00edas","image":{"@type":"ImageObject","inLanguage":"it-IT","@id":"https:\/\/alvarofrias.com\/#\/schema\/person\/image\/","url":"https:\/\/alvarofrias.com\/wp-content\/uploads\/2025\/05\/cropped-Picsart_25-05-27_01-33-14-792-scaled-1.png","contentUrl":"https:\/\/alvarofrias.com\/wp-content\/uploads\/2025\/05\/cropped-Picsart_25-05-27_01-33-14-792-scaled-1.png","width":512,"height":512,"caption":"\u00c1lvaro Fr\u00edas"},"logo":{"@id":"https:\/\/alvarofrias.com\/#\/schema\/person\/image\/"},"description":"\u00c1lvaro Fr\u00edas, imaginero y restaurador, con taller en Alcal\u00e1 de Guada\u00edra. Formado en el taller del imaginero Antonio Jos\u00e9 Mart\u00ednez Rodr\u00edguez. Curs\u00f3 el Grado de Conservaci\u00f3n y Restauraci\u00f3n de Bienes Culturales en la Escuela Superior de Madrid, donde se especializ\u00f3 en Escultura. Su obra muestra un claro estilo naturalista, asimilado en el taller de su maestro, pero con grandes reminiscencias barrocas, influenciadas por la escuela sevillana. Adem\u00e1s, sus sentimientos religiosos hacen que sus obras transmitan piedad y devoci\u00f3n, siendo esculturas plenamente catequ\u00e9ticas con una clara funci\u00f3n evangelizadora y devocional.","sameAs":["http:\/\/www.alvarofrias.com","https:\/\/www.facebook.com\/p\/--Imaginero-y-Restaurador-61553494449802\/","https:\/\/www.instagram.com\/imaginero_alvarofrias\/","https:\/\/es.linkedin.com\/in\/alvaro-frias-nisa"],"knowsLanguage":["espa\u00f1ol","ingl\u00e9s"],"jobTitle":"Imaginero y Restaurador","worksFor":"\u00c1lvaro Fr\u00edas"}]}},"_links":{"self":[{"href":"https:\/\/alvarofrias.com\/it\/wp-json\/wp\/v2\/obras\/1153","targetHints":{"allow":["GET"]}}],"collection":[{"href":"https:\/\/alvarofrias.com\/it\/wp-json\/wp\/v2\/obras"}],"about":[{"href":"https:\/\/alvarofrias.com\/it\/wp-json\/wp\/v2\/types\/obras"}],"wp:featuredmedia":[{"embeddable":true,"href":"https:\/\/alvarofrias.com\/it\/wp-json\/wp\/v2\/media\/1145"}],"wp:attachment":[{"href":"https:\/\/alvarofrias.com\/it\/wp-json\/wp\/v2\/media?parent=1153"}],"curies":[{"name":"wp","href":"https:\/\/api.w.org\/{rel}","templated":true}]}}